{"id":78,"date":"2021-11-17T06:59:10","date_gmt":"2021-11-17T06:59:10","guid":{"rendered":"http:\/\/fernandobolanosvalle.com\/ingles\/?page_id=78"},"modified":"2021-11-17T22:42:40","modified_gmt":"2021-11-17T22:42:40","slug":"about-me","status":"publish","type":"page","link":"https:\/\/fernandobolanosvalle.com\/ingles\/about-me\/","title":{"rendered":"About me"},"content":{"rendered":"<p>[et_pb_section fb_built=&#8221;1&#8243; fullwidth=&#8221;on&#8221; _builder_version=&#8221;4.13.0&#8243; _module_preset=&#8221;default&#8221; background_color=&#8221;#f5f5f5&#8243; background_enable_image=&#8221;off&#8221; bottom_divider_style=&#8221;slant&#8221; bottom_divider_color=&#8221;#f5f5f5&#8243; bottom_divider_flip=&#8221;vertical&#8221; global_colors_info=&#8221;{}&#8221;][et_pb_fullwidth_header header_fullscreen=&#8221;on&#8221; _builder_version=&#8221;4.13.0&#8243; _module_preset=&#8221;default&#8221; background_enable_color=&#8221;off&#8221; background_image=&#8221;https:\/\/fernandobolanosvalle.com\/ingles\/wp-content\/uploads\/2021\/11\/sobremi-hibanana.jpg&#8221; background_size=&#8221;contain&#8221; background_position=&#8221;top_center&#8221; custom_margin_tablet=&#8221;&#8221; custom_margin_phone=&#8221;||-398px||false|false&#8221; custom_margin_last_edited=&#8221;on|phone&#8221; custom_padding=&#8221;||74px|||&#8221; background_last_edited=&#8221;on|phone&#8221; background_image_phone=&#8221;https:\/\/fernandobolanosvalle.com\/ingles\/wp-content\/uploads\/2021\/11\/sobremi-movil-bananos.jpg&#8221; background_enable_image_phone=&#8221;on&#8221; global_colors_info=&#8221;{}&#8221;][\/et_pb_fullwidth_header][\/et_pb_section][et_pb_section fb_built=&#8221;1&#8243; next_background_color=&#8221;#dddddd&#8221; admin_label=&#8221;About&#8221; _builder_version=&#8221;4.13.0&#8243; background_color=&#8221;#f5f5f5&#8243; custom_padding=&#8221;6px|0px|6px|0px|true|false&#8221; bottom_divider_style=&#8221;triangle&#8221; bottom_divider_height=&#8221;40px&#8221; bottom_divider_flip=&#8221;vertical&#8221; global_colors_info=&#8221;{}&#8221;][et_pb_row _builder_version=&#8221;4.13.0&#8243; _module_preset=&#8221;default&#8221; global_colors_info=&#8221;{}&#8221;][et_pb_column type=&#8221;4_4&#8243; _builder_version=&#8221;4.13.0&#8243; _module_preset=&#8221;default&#8221; global_colors_info=&#8221;{}&#8221;][et_pb_blurb title=&#8221;About me&#8221; use_icon=&#8221;on&#8221; font_icon=&#8221;&#xf303;||fa||900&#8243; icon_color=&#8221;#444444&#8243; image_icon_width=&#8221;70px&#8221; _builder_version=&#8221;4.13.0&#8243; _module_preset=&#8221;default&#8221; header_font=&#8221;|600|||||||&#8221; header_text_align=&#8221;center&#8221; header_font_size=&#8221;45px&#8221; global_colors_info=&#8221;{}&#8221;][\/et_pb_blurb][et_pb_text _builder_version=&#8221;4.13.0&#8243; _module_preset=&#8221;default&#8221; text_font_size=&#8221;18px&#8221; text_line_height=&#8221;1.8em&#8221; text_orientation=&#8221;justified&#8221; custom_margin=&#8221;||68px|||&#8221; hover_enabled=&#8221;0&#8243; global_colors_info=&#8221;{}&#8221; sticky_enabled=&#8221;0&#8243;]<\/p>\n<p style=\"text-align: left;\"><span>Guatemalan. Chief Executive Officer of AgroAmerica<br \/><\/span><\/p>\n<p style=\"text-align: left;\">Since 1991 I have helped build one of the leading diversified agricultural and food companies in Latin America, with interests in bananas, vegetable oil, food ingredients, vegetable protein, transportation, logistics and renewable energy. AgroAm\u00e9rica has operations in Guatemala, the United States, Continental Europe, Mexico, Ecuador, Peru, Costa Rica, El Salvador, Argentina and Panama.<\/p>\n<p style=\"text-align: left;\">For the past 20 years, I have also led strategic investments in the Food and Beverage industry, Precision Agriculture, Entertainment Business, and the Energy Sector.<\/p>\n<p style=\"text-align: left;\">[\/et_pb_text][\/et_pb_column][\/et_pb_row][\/et_pb_section][et_pb_section fb_built=&#8221;1&#8243; next_background_color=&#8221;#f5f5f5&#8243; admin_label=&#8221;About&#8221; _builder_version=&#8221;4.13.0&#8243; background_color=&#8221;#dddddd&#8221; min_height=&#8221;772px&#8221; custom_padding=&#8221;2px|0px|2px|0px|true|false&#8221; bottom_divider_style=&#8221;triangle&#8221; bottom_divider_height=&#8221;40px&#8221; bottom_divider_flip=&#8221;horizontal|vertical&#8221; global_colors_info=&#8221;{}&#8221;][et_pb_row _builder_version=&#8221;3.25&#8243; custom_padding=&#8221;39px|||||&#8221; use_custom_width=&#8221;on&#8221; locked=&#8221;off&#8221; global_colors_info=&#8221;{}&#8221;][et_pb_column type=&#8221;4_4&#8243; _builder_version=&#8221;3.25&#8243; custom_padding=&#8221;|||&#8221; global_colors_info=&#8221;{}&#8221; custom_padding__hover=&#8221;|||&#8221;][et_pb_text _builder_version=&#8221;4.13.0&#8243; _module_preset=&#8221;default&#8221; header_font=&#8221;|600|||||||&#8221; header_font_size=&#8221;45px&#8221; global_colors_info=&#8221;{}&#8221;]<\/p>\n<h1 style=\"text-align: center;\">Other Activities<\/h1>\n<p>[\/et_pb_text][\/et_pb_column][\/et_pb_row][et_pb_row column_structure=&#8221;1_2,1_2&#8243; _builder_version=&#8221;4.13.0&#8243; _module_preset=&#8221;default&#8221; custom_margin=&#8221;|auto|36px|auto||&#8221; global_colors_info=&#8221;{}&#8221;][et_pb_column type=&#8221;1_2&#8243; _builder_version=&#8221;4.13.0&#8243; _module_preset=&#8221;default&#8221; global_colors_info=&#8221;{}&#8221;][et_pb_blurb title=&#8221;Professor of Business Strategy at two of the main universities in Guatemala.&#8221; use_icon=&#8221;on&#8221; font_icon=&#8221;&#xe04a;||divi||400&#8243; icon_color=&#8221;#444444&#8243; image_icon_background_color=&#8221;RGBA(0,0,0,0)&#8221; icon_placement=&#8221;left&#8221; image_icon_width=&#8221;200%&#8221; _builder_version=&#8221;4.13.0&#8243; _module_preset=&#8221;default&#8221; header_font_size=&#8221;21px&#8221; global_colors_info=&#8221;{}&#8221;][\/et_pb_blurb][et_pb_blurb title=&#8221;Member of the Board of Directors and treasurer of the Guatemalan American Chamber of Commerce, President of the Chapter of the Organization of Young Presidents (Guatemala Chapter) YPO.&#8221; use_icon=&#8221;on&#8221; font_icon=&#8221;&#xe04a;||divi||400&#8243; icon_color=&#8221;#444444&#8243; image_icon_background_color=&#8221;RGBA(0,0,0,0)&#8221; icon_placement=&#8221;left&#8221; image_icon_width=&#8221;200%&#8221; _builder_version=&#8221;4.13.0&#8243; _module_preset=&#8221;default&#8221; header_font_size=&#8221;21px&#8221; global_colors_info=&#8221;{}&#8221;][\/et_pb_blurb][et_pb_blurb title=&#8221;Member of the Board of Directors of EcoLogic (Cambridge, Massachusetts).&#8221; use_icon=&#8221;on&#8221; font_icon=&#8221;&#xe04a;||divi||400&#8243; icon_color=&#8221;#444444&#8243; image_icon_background_color=&#8221;RGBA(0,0,0,0)&#8221; icon_placement=&#8221;left&#8221; image_icon_width=&#8221;200%&#8221; _builder_version=&#8221;4.13.0&#8243; _module_preset=&#8221;default&#8221; header_font_size=&#8221;21px&#8221; global_colors_info=&#8221;{}&#8221;][\/et_pb_blurb][et_pb_blurb title=&#8221;Member of the Board of Trustees of the Bolar Foundation (www.fundacionbolar.org).&#8221; use_icon=&#8221;on&#8221; font_icon=&#8221;&#xe04a;||divi||400&#8243; icon_color=&#8221;#444444&#8243; image_icon_background_color=&#8221;RGBA(0,0,0,0)&#8221; icon_placement=&#8221;left&#8221; image_icon_width=&#8221;200%&#8221; _builder_version=&#8221;4.13.0&#8243; _module_preset=&#8221;default&#8221; header_font_size=&#8221;21px&#8221; global_colors_info=&#8221;{}&#8221;][\/et_pb_blurb][et_pb_blurb title=&#8221;Executive President of the Family Foundation %22Fundaci\u00f3n Jos\u00e9 Fernando Bola\u00f1os%22 leading the Implementation of the %22Better Families Program%22 and Human Development Center in 19 communities throughout Guatemala, benefiting more than 50,000 people (mainly women and children).&#8221; use_icon=&#8221;on&#8221; font_icon=&#8221;&#xe04a;||divi||400&#8243; icon_color=&#8221;#444444&#8243; image_icon_background_color=&#8221;RGBA(0,0,0,0)&#8221; icon_placement=&#8221;left&#8221; image_icon_width=&#8221;200%&#8221; _builder_version=&#8221;4.13.0&#8243; _module_preset=&#8221;default&#8221; header_font_size=&#8221;21px&#8221; global_colors_info=&#8221;{}&#8221;][\/et_pb_blurb][\/et_pb_column][et_pb_column type=&#8221;1_2&#8243; _builder_version=&#8221;4.13.0&#8243; _module_preset=&#8221;default&#8221; global_colors_info=&#8221;{}&#8221;][et_pb_blurb title=&#8221;President of the Chamber of Free Enterprise.&#8221; use_icon=&#8221;on&#8221; font_icon=&#8221;&#xe04a;||divi||400&#8243; icon_color=&#8221;#444444&#8243; image_icon_background_color=&#8221;RGBA(0,0,0,0)&#8221; icon_placement=&#8221;left&#8221; image_icon_width=&#8221;200%&#8221; _builder_version=&#8221;4.13.0&#8243; _module_preset=&#8221;default&#8221; header_font_size=&#8221;21px&#8221; global_colors_info=&#8221;{}&#8221;][\/et_pb_blurb][et_pb_blurb title=&#8221;Recipient of the SEN Award in Sustainability in the Community and Inclusive Businesses category.&#8221; use_icon=&#8221;on&#8221; font_icon=&#8221;&#xe04a;||divi||400&#8243; icon_color=&#8221;#444444&#8243; image_icon_background_color=&#8221;RGBA(0,0,0,0)&#8221; icon_placement=&#8221;left&#8221; image_icon_width=&#8221;200%&#8221; _builder_version=&#8221;4.13.0&#8243; _module_preset=&#8221;default&#8221; header_font_size=&#8221;21px&#8221; global_colors_info=&#8221;{}&#8221;][\/et_pb_blurb][et_pb_blurb title=&#8221;Member of the Board of Fundesa (Foundation for the Development of Guatemala).&#8221; use_icon=&#8221;on&#8221; font_icon=&#8221;&#xe04a;||divi||400&#8243; icon_color=&#8221;#444444&#8243; image_icon_background_color=&#8221;RGBA(0,0,0,0)&#8221; icon_placement=&#8221;left&#8221; image_icon_width=&#8221;200%&#8221; _builder_version=&#8221;4.13.0&#8243; _module_preset=&#8221;default&#8221; header_font_size=&#8221;21px&#8221; global_colors_info=&#8221;{}&#8221;][\/et_pb_blurb][et_pb_blurb title=&#8221;I have held numerous positions on the boards of nonprofits throughout the region.&#8221; use_icon=&#8221;on&#8221; font_icon=&#8221;&#xe04a;||divi||400&#8243; icon_color=&#8221;#444444&#8243; image_icon_background_color=&#8221;RGBA(0,0,0,0)&#8221; icon_placement=&#8221;left&#8221; image_icon_width=&#8221;200%&#8221; _builder_version=&#8221;4.13.0&#8243; _module_preset=&#8221;default&#8221; header_font_size=&#8221;21px&#8221; global_colors_info=&#8221;{}&#8221;][\/et_pb_blurb][et_pb_blurb title=&#8221;Member of the Los Angeles Valley Orphanage (www.valleyoftheangels.com) and other non-profit organizations.&#8221; use_icon=&#8221;on&#8221; font_icon=&#8221;&#xe04a;||divi||400&#8243; icon_color=&#8221;#444444&#8243; image_icon_background_color=&#8221;RGBA(0,0,0,0)&#8221; icon_placement=&#8221;left&#8221; image_icon_width=&#8221;200%&#8221; _builder_version=&#8221;4.13.0&#8243; _module_preset=&#8221;default&#8221; header_font_size=&#8221;21px&#8221; global_colors_info=&#8221;{}&#8221;][\/et_pb_blurb][\/et_pb_column][\/et_pb_row][\/et_pb_section][et_pb_section fb_built=&#8221;1&#8243; next_background_color=&#8221;#dddddd&#8221; admin_label=&#8221;About&#8221; _builder_version=&#8221;4.13.0&#8243; background_color=&#8221;#f5f5f5&#8243; custom_padding=&#8221;59px|0px|59px|0px|true|false&#8221; bottom_divider_style=&#8221;triangle&#8221; bottom_divider_height=&#8221;40px&#8221; bottom_divider_flip=&#8221;vertical&#8221; global_colors_info=&#8221;{}&#8221;][et_pb_row _builder_version=&#8221;4.13.0&#8243; _module_preset=&#8221;default&#8221; global_colors_info=&#8221;{}&#8221;][et_pb_column type=&#8221;4_4&#8243; _builder_version=&#8221;4.13.0&#8243; _module_preset=&#8221;default&#8221; global_colors_info=&#8221;{}&#8221;][et_pb_text disabled_on=&#8221;off|off|off&#8221; _builder_version=&#8221;4.13.0&#8243; _module_preset=&#8221;default&#8221; header_font=&#8221;|600|||||||&#8221; header_font_size=&#8221;45px&#8221; hover_enabled=&#8221;0&#8243; global_colors_info=&#8221;{}&#8221; sticky_enabled=&#8221;0&#8243;]<\/p>\n<h1 style=\"text-align: center;\">Education<\/h1>\n<p>[\/et_pb_text][\/et_pb_column][\/et_pb_row][et_pb_row column_structure=&#8221;1_2,1_2&#8243; admin_label=&#8221;Estudios&#8221; _builder_version=&#8221;4.13.0&#8243; _module_preset=&#8221;default&#8221; global_colors_info=&#8221;{}&#8221;][et_pb_column type=&#8221;1_2&#8243; _builder_version=&#8221;4.13.0&#8243; _module_preset=&#8221;default&#8221; global_colors_info=&#8221;{}&#8221;][et_pb_blurb title=&#8221;MBA Southern Methodist University &#8211; 1991 &#8221; use_icon=&#8221;on&#8221; font_icon=&#8221;&#xe04a;||divi||400&#8243; icon_color=&#8221;#444444&#8243; icon_placement=&#8221;left&#8221; image_icon_width=&#8221;22px&#8221; _builder_version=&#8221;4.13.0&#8243; _module_preset=&#8221;default&#8221; header_font_size=&#8221;22px&#8221; custom_padding=&#8221;||0px|||&#8221; global_colors_info=&#8221;{}&#8221;][\/et_pb_blurb][\/et_pb_column][et_pb_column type=&#8221;1_2&#8243; _builder_version=&#8221;4.13.0&#8243; _module_preset=&#8221;default&#8221; global_colors_info=&#8221;{}&#8221;][et_pb_blurb title=&#8221;Bachelor of Economics, Francisco Marroqu\u00edn University &#8211; 1989&#8243; use_icon=&#8221;on&#8221; font_icon=&#8221;&#xe04a;||divi||400&#8243; icon_color=&#8221;#444444&#8243; icon_placement=&#8221;left&#8221; image_icon_width=&#8221;22px&#8221; _builder_version=&#8221;4.13.0&#8243; _module_preset=&#8221;default&#8221; header_font_size=&#8221;22px&#8221; custom_padding=&#8221;||0px|||&#8221; global_colors_info=&#8221;{}&#8221;][\/et_pb_blurb][\/et_pb_column][\/et_pb_row][\/et_pb_section][et_pb_section fb_built=&#8221;1&#8243; next_background_color=&#8221;#ffffff&#8221; admin_label=&#8221;En que creo&#8221; _builder_version=&#8221;4.13.0&#8243; _module_preset=&#8221;default&#8221; background_color=&#8221;#dddddd&#8221; bottom_divider_style=&#8221;triangle&#8221; bottom_divider_height=&#8221;40px&#8221; bottom_divider_flip=&#8221;vertical&#8221; global_colors_info=&#8221;{}&#8221;][et_pb_row _builder_version=&#8221;4.13.0&#8243; _module_preset=&#8221;default&#8221; global_colors_info=&#8221;{}&#8221;][et_pb_column type=&#8221;4_4&#8243; _builder_version=&#8221;4.13.0&#8243; _module_preset=&#8221;default&#8221; global_colors_info=&#8221;{}&#8221;][et_pb_text _builder_version=&#8221;4.13.0&#8243; _module_preset=&#8221;default&#8221; header_font=&#8221;|600|||||||&#8221; header_font_size=&#8221;45px&#8221; global_colors_info=&#8221;{}&#8221;]<\/p>\n<h1 style=\"text-align: center;\">What do I believe in?<\/h1>\n<p>[\/et_pb_text][et_pb_text _builder_version=&#8221;4.13.0&#8243; _module_preset=&#8221;default&#8221; text_text_color=&#8221;#000000&#8243; text_font_size=&#8221;18px&#8221; text_line_height=&#8221;1.8em&#8221; text_orientation=&#8221;justified&#8221; custom_margin=&#8221;||19px|||&#8221; custom_padding=&#8221;||37px|||&#8221; global_colors_info=&#8221;{}&#8221;]<\/p>\n<p>I believe in alliances with interest groups (stakeholders) and local actors. Working hand in hand is the only way to resolve local development issues.<\/p>\n<p>The communities near the operations of the company I run (AgroAm\u00e9rica) have little or no access to basic public services and most of our workers live in those communities. I understood that we cannot be successful and sustainable in the area, in the long term, if our immediate communities do not develop with us. I learned that if our people have health, education and opportunities, they will perform better. Therefore, social investment benefits us all.<\/p>\n<p>[\/et_pb_text][\/et_pb_column][\/et_pb_row][\/et_pb_section][et_pb_section fb_built=&#8221;1&#8243; next_background_color=&#8221;#222222&#8243; admin_label=&#8221;Por que de este Blog&#8221; _builder_version=&#8221;4.13.0&#8243; _module_preset=&#8221;default&#8221; bottom_divider_style=&#8221;triangle&#8221; bottom_divider_height=&#8221;40px&#8221; bottom_divider_flip=&#8221;vertical&#8221; global_colors_info=&#8221;{}&#8221;][et_pb_row _builder_version=&#8221;4.13.0&#8243; _module_preset=&#8221;default&#8221; global_colors_info=&#8221;{}&#8221;][et_pb_column type=&#8221;4_4&#8243; _builder_version=&#8221;4.13.0&#8243; _module_preset=&#8221;default&#8221; global_colors_info=&#8221;{}&#8221;][et_pb_text disabled_on=&#8221;off|off|off&#8221; _builder_version=&#8221;4.13.0&#8243; _module_preset=&#8221;default&#8221; header_font=&#8221;|600|||||||&#8221; header_font_size=&#8221;45px&#8221; global_colors_info=&#8221;{}&#8221;]<\/p>\n<h1 style=\"text-align: center;\">The reason for this Blog<\/h1>\n<p>[\/et_pb_text][\/et_pb_column][\/et_pb_row][et_pb_row admin_label=&#8221;Estudios&#8221; _builder_version=&#8221;4.13.0&#8243; _module_preset=&#8221;default&#8221; global_colors_info=&#8221;{}&#8221;][et_pb_column type=&#8221;4_4&#8243; _builder_version=&#8221;4.13.0&#8243; _module_preset=&#8221;default&#8221; global_colors_info=&#8221;{}&#8221;][et_pb_text _builder_version=&#8221;4.13.0&#8243; _module_preset=&#8221;default&#8221; text_font_size=&#8221;18px&#8221; text_line_height=&#8221;1.8em&#8221; global_colors_info=&#8221;{}&#8221;]<\/p>\n<p style=\"text-align: left;\"><span>Through years of work experience and as a speaker at world conferences, I have learned that sustainability must be in the DNA of companies to be successful. Through this blog I want to share my knowledge and experiences in sustainability, which can help and inspire large entrepreneurs, but also small entrepreneurs who start their businesses and do not know which route to take.<\/span><\/p>\n<p>[\/et_pb_text][\/et_pb_column][\/et_pb_row][\/et_pb_section][et_pb_section fb_built=&#8221;1&#8243; admin_label=&#8221;About&#8221; _builder_version=&#8221;4.13.0&#8243; background_color=&#8221;#222222&#8243; custom_padding=&#8221;0px|0px|0px|0px|true|false&#8221; bottom_divider_style=&#8221;none&#8221; bottom_divider_color=&#8221;#FFFFFF&#8221; bottom_divider_height=&#8221;29px&#8221; bottom_divider_flip=&#8221;vertical&#8221; global_module=&#8221;280&#8243; global_colors_info=&#8221;{}&#8221;][et_pb_row column_structure=&#8221;1_2,1_2&#8243; _builder_version=&#8221;4.13.0&#8243; _module_preset=&#8221;default&#8221; custom_padding=&#8221;||4px|||&#8221; global_colors_info=&#8221;{}&#8221;][et_pb_column type=&#8221;1_2&#8243; _builder_version=&#8221;4.13.0&#8243; _module_preset=&#8221;default&#8221; global_colors_info=&#8221;{}&#8221;][et_pb_blurb url=&#8221;https:\/\/twitter.com\/totobolanos&#8221; url_new_window=&#8221;on&#8221; use_icon=&#8221;on&#8221; font_icon=&#8221;&#xe094;||divi||400&#8243; icon_color=&#8221;#aaaaaa&#8221; image_icon_width=&#8221;47px&#8221; icon_alignment=&#8221;right&#8221; image_icon_width_tablet=&#8221;47px&#8221; image_icon_width_phone=&#8221;40px&#8221; image_icon_width_last_edited=&#8221;on|phone&#8221; icon_alignment_tablet=&#8221;center&#8221; icon_alignment_phone=&#8221;center&#8221; icon_alignment_last_edited=&#8221;on|desktop&#8221; _builder_version=&#8221;4.13.0&#8243; _module_preset=&#8221;default&#8221; custom_padding=&#8221;|2px||||&#8221; global_colors_info=&#8221;{}&#8221;][\/et_pb_blurb][\/et_pb_column][et_pb_column type=&#8221;1_2&#8243; _builder_version=&#8221;4.13.0&#8243; _module_preset=&#8221;default&#8221; global_colors_info=&#8221;{}&#8221;][et_pb_blurb url=&#8221;https:\/\/www.linkedin.com\/in\/fernando-bola%C3%B1os-01269542\/&#8221; url_new_window=&#8221;on&#8221; use_icon=&#8221;on&#8221; font_icon=&#8221;&#xe0cb;||divi||400&#8243; icon_color=&#8221;#aaaaaa&#8221; image_icon_width=&#8221;40px&#8221; icon_alignment=&#8221;left&#8221; icon_alignment_tablet=&#8221;center&#8221; icon_alignment_phone=&#8221;center&#8221; icon_alignment_last_edited=&#8221;on|desktop&#8221; _builder_version=&#8221;4.13.0&#8243; _module_preset=&#8221;default&#8221; custom_margin=&#8221;|||-8px||&#8221; global_colors_info=&#8221;{}&#8221;][\/et_pb_blurb][\/et_pb_column][\/et_pb_row][\/et_pb_section]<\/p>\n","protected":false},"excerpt":{"rendered":"<p>Guatemalan. Chief Executive Officer of AgroAmerica Since 1991 I have helped build one of the leading diversified agricultural and food companies in Latin America, with interests in bananas, vegetable oil, food ingredients, vegetable protein, transportation, logistics and renewable energy. AgroAm\u00e9rica has operations in Guatemala, the United States, Continental Europe, Mexico, Ecuador, Peru, Costa Rica, El [&hellip;]<\/p>\n","protected":false},"author":1,"featured_media":0,"parent":0,"menu_order":0,"comment_status":"closed","ping_status":"closed","template":"","meta":{"_et_pb_use_builder":"on","_et_pb_old_content":"","_et_gb_content_width":"","_coblocks_attr":"","_coblocks_dimensions":"","_coblocks_responsive_height":"","_coblocks_accordion_ie_support":"","footnotes":""},"class_list":["post-78","page","type-page","status-publish","hentry"],"yoast_head":"<!-- This site is optimized with the Yoast SEO plugin v26.6 - https:\/\/yoast.com\/wordpress\/plugins\/seo\/ -->\n<title>About me - Fernando Bola&ntilde;os Valle | Blog<\/title>\n<meta name=\"robots\" content=\"index, follow, max-snippet:-1, max-image-preview:large, max-video-preview:-1\" \/>\n<link rel=\"canonical\" href=\"https:\/\/fernandobolanosvalle.com\/ingles\/about-me\/\" \/>\n<meta property=\"og:locale\" content=\"en_US\" \/>\n<meta property=\"og:type\" content=\"article\" \/>\n<meta property=\"og:title\" content=\"About me - Fernando Bola&ntilde;os Valle | Blog\" \/>\n<meta property=\"og:description\" content=\"Guatemalan. Chief Executive Officer of AgroAmerica Since 1991 I have helped build one of the leading diversified agricultural and food companies in Latin America, with interests in bananas, vegetable oil, food ingredients, vegetable protein, transportation, logistics and renewable energy. AgroAm\u00e9rica has operations in Guatemala, the United States, Continental Europe, Mexico, Ecuador, Peru, Costa Rica, El [&hellip;]\" \/>\n<meta property=\"og:url\" content=\"https:\/\/fernandobolanosvalle.com\/ingles\/about-me\/\" \/>\n<meta property=\"og:site_name\" content=\"Fernando Bola&ntilde;os Valle | Blog\" \/>\n<meta property=\"article:modified_time\" content=\"2021-11-17T22:42:40+00:00\" \/>\n<meta name=\"twitter:card\" content=\"summary_large_image\" \/>\n<meta name=\"twitter:label1\" content=\"Est. reading time\" \/>\n\t<meta name=\"twitter:data1\" content=\"10 minutes\" \/>\n<script type=\"application\/ld+json\" class=\"yoast-schema-graph\">{\"@context\":\"https:\/\/schema.org\",\"@graph\":[{\"@type\":\"WebPage\",\"@id\":\"https:\/\/fernandobolanosvalle.com\/ingles\/about-me\/\",\"url\":\"https:\/\/fernandobolanosvalle.com\/ingles\/about-me\/\",\"name\":\"About me - Fernando Bola&ntilde;os Valle | Blog\",\"isPartOf\":{\"@id\":\"https:\/\/fernandobolanosvalle.com\/ingles\/#website\"},\"datePublished\":\"2021-11-17T06:59:10+00:00\",\"dateModified\":\"2021-11-17T22:42:40+00:00\",\"breadcrumb\":{\"@id\":\"https:\/\/fernandobolanosvalle.com\/ingles\/about-me\/#breadcrumb\"},\"inLanguage\":\"en\",\"potentialAction\":[{\"@type\":\"ReadAction\",\"target\":[\"https:\/\/fernandobolanosvalle.com\/ingles\/about-me\/\"]}]},{\"@type\":\"BreadcrumbList\",\"@id\":\"https:\/\/fernandobolanosvalle.com\/ingles\/about-me\/#breadcrumb\",\"itemListElement\":[{\"@type\":\"ListItem\",\"position\":1,\"name\":\"Home\",\"item\":\"https:\/\/fernandobolanosvalle.com\/ingles\/\"},{\"@type\":\"ListItem\",\"position\":2,\"name\":\"About me\"}]},{\"@type\":\"WebSite\",\"@id\":\"https:\/\/fernandobolanosvalle.com\/ingles\/#website\",\"url\":\"https:\/\/fernandobolanosvalle.com\/ingles\/\",\"name\":\"Fernando Bola&ntilde;os Valle | Blog\",\"description\":\"Fernando Bola&ntilde;os Valle CEO OF AGROAMERICA\",\"publisher\":{\"@id\":\"https:\/\/fernandobolanosvalle.com\/ingles\/#\/schema\/person\/1c545a7afcba0f6f633c3e116d75b34b\"},\"potentialAction\":[{\"@type\":\"SearchAction\",\"target\":{\"@type\":\"EntryPoint\",\"urlTemplate\":\"https:\/\/fernandobolanosvalle.com\/ingles\/?s={search_term_string}\"},\"query-input\":{\"@type\":\"PropertyValueSpecification\",\"valueRequired\":true,\"valueName\":\"search_term_string\"}}],\"inLanguage\":\"en\"},{\"@type\":[\"Person\",\"Organization\"],\"@id\":\"https:\/\/fernandobolanosvalle.com\/ingles\/#\/schema\/person\/1c545a7afcba0f6f633c3e116d75b34b\",\"name\":\"Fernando Bola\u00f1os\",\"image\":{\"@type\":\"ImageObject\",\"inLanguage\":\"en\",\"@id\":\"https:\/\/fernandobolanosvalle.com\/ingles\/#\/schema\/person\/image\/\",\"url\":\"https:\/\/secure.gravatar.com\/avatar\/3ca3a5f3ad90da055311942557ec4351?s=96&d=mm&r=g\",\"contentUrl\":\"https:\/\/secure.gravatar.com\/avatar\/3ca3a5f3ad90da055311942557ec4351?s=96&d=mm&r=g\",\"caption\":\"Fernando Bola\u00f1os\"},\"logo\":{\"@id\":\"https:\/\/fernandobolanosvalle.com\/ingles\/#\/schema\/person\/image\/\"},\"sameAs\":[\"https:\/\/fernandobolanosvalle.com\/ingles\"]}]}<\/script>\n<!-- \/ Yoast SEO plugin. -->","yoast_head_json":{"title":"About me - Fernando Bola&ntilde;os Valle | Blog","robots":{"index":"index","follow":"follow","max-snippet":"max-snippet:-1","max-image-preview":"max-image-preview:large","max-video-preview":"max-video-preview:-1"},"canonical":"https:\/\/fernandobolanosvalle.com\/ingles\/about-me\/","og_locale":"en_US","og_type":"article","og_title":"About me - Fernando Bola&ntilde;os Valle | Blog","og_description":"Guatemalan. Chief Executive Officer of AgroAmerica Since 1991 I have helped build one of the leading diversified agricultural and food companies in Latin America, with interests in bananas, vegetable oil, food ingredients, vegetable protein, transportation, logistics and renewable energy. AgroAm\u00e9rica has operations in Guatemala, the United States, Continental Europe, Mexico, Ecuador, Peru, Costa Rica, El [&hellip;]","og_url":"https:\/\/fernandobolanosvalle.com\/ingles\/about-me\/","og_site_name":"Fernando Bola&ntilde;os Valle | Blog","article_modified_time":"2021-11-17T22:42:40+00:00","twitter_card":"summary_large_image","twitter_misc":{"Est. reading time":"10 minutes"},"schema":{"@context":"https:\/\/schema.org","@graph":[{"@type":"WebPage","@id":"https:\/\/fernandobolanosvalle.com\/ingles\/about-me\/","url":"https:\/\/fernandobolanosvalle.com\/ingles\/about-me\/","name":"About me - Fernando Bola&ntilde;os Valle | Blog","isPartOf":{"@id":"https:\/\/fernandobolanosvalle.com\/ingles\/#website"},"datePublished":"2021-11-17T06:59:10+00:00","dateModified":"2021-11-17T22:42:40+00:00","breadcrumb":{"@id":"https:\/\/fernandobolanosvalle.com\/ingles\/about-me\/#breadcrumb"},"inLanguage":"en","potentialAction":[{"@type":"ReadAction","target":["https:\/\/fernandobolanosvalle.com\/ingles\/about-me\/"]}]},{"@type":"BreadcrumbList","@id":"https:\/\/fernandobolanosvalle.com\/ingles\/about-me\/#breadcrumb","itemListElement":[{"@type":"ListItem","position":1,"name":"Home","item":"https:\/\/fernandobolanosvalle.com\/ingles\/"},{"@type":"ListItem","position":2,"name":"About me"}]},{"@type":"WebSite","@id":"https:\/\/fernandobolanosvalle.com\/ingles\/#website","url":"https:\/\/fernandobolanosvalle.com\/ingles\/","name":"Fernando Bola&ntilde;os Valle | Blog","description":"Fernando Bola&ntilde;os Valle CEO OF AGROAMERICA","publisher":{"@id":"https:\/\/fernandobolanosvalle.com\/ingles\/#\/schema\/person\/1c545a7afcba0f6f633c3e116d75b34b"},"potentialAction":[{"@type":"SearchAction","target":{"@type":"EntryPoint","urlTemplate":"https:\/\/fernandobolanosvalle.com\/ingles\/?s={search_term_string}"},"query-input":{"@type":"PropertyValueSpecification","valueRequired":true,"valueName":"search_term_string"}}],"inLanguage":"en"},{"@type":["Person","Organization"],"@id":"https:\/\/fernandobolanosvalle.com\/ingles\/#\/schema\/person\/1c545a7afcba0f6f633c3e116d75b34b","name":"Fernando Bola\u00f1os","image":{"@type":"ImageObject","inLanguage":"en","@id":"https:\/\/fernandobolanosvalle.com\/ingles\/#\/schema\/person\/image\/","url":"https:\/\/secure.gravatar.com\/avatar\/3ca3a5f3ad90da055311942557ec4351?s=96&d=mm&r=g","contentUrl":"https:\/\/secure.gravatar.com\/avatar\/3ca3a5f3ad90da055311942557ec4351?s=96&d=mm&r=g","caption":"Fernando Bola\u00f1os"},"logo":{"@id":"https:\/\/fernandobolanosvalle.com\/ingles\/#\/schema\/person\/image\/"},"sameAs":["https:\/\/fernandobolanosvalle.com\/ingles"]}]}},"_links":{"self":[{"href":"https:\/\/fernandobolanosvalle.com\/ingles\/wp-json\/wp\/v2\/pages\/78","targetHints":{"allow":["GET"]}}],"collection":[{"href":"https:\/\/fernandobolanosvalle.com\/ingles\/wp-json\/wp\/v2\/pages"}],"about":[{"href":"https:\/\/fernandobolanosvalle.com\/ingles\/wp-json\/wp\/v2\/types\/page"}],"author":[{"embeddable":true,"href":"https:\/\/fernandobolanosvalle.com\/ingles\/wp-json\/wp\/v2\/users\/1"}],"replies":[{"embeddable":true,"href":"https:\/\/fernandobolanosvalle.com\/ingles\/wp-json\/wp\/v2\/comments?post=78"}],"version-history":[{"count":0,"href":"https:\/\/fernandobolanosvalle.com\/ingles\/wp-json\/wp\/v2\/pages\/78\/revisions"}],"wp:attachment":[{"href":"https:\/\/fernandobolanosvalle.com\/ingles\/wp-json\/wp\/v2\/media?parent=78"}],"curies":[{"name":"wp","href":"https:\/\/api.w.org\/{rel}","templated":true}]}}